{"id":3,"date":"2020-06-10T21:58:03","date_gmt":"2020-06-10T19:58:03","guid":{"rendered":"http:\/\/pp.lcq.ernouf.fr\/?page_id=3"},"modified":"2026-04-30T15:28:51","modified_gmt":"2026-04-30T13:28:51","slug":"mentions-legales-politique-de-confidentialite","status":"publish","type":"page","link":"https:\/\/www.leclosdesqueyries.com\/es\/mentions-legales-politique-de-confidentialite\/","title":{"rendered":"Aviso legal y pol\u00edtica de privacidad"},"content":{"rendered":"\n<p>La sociedad La Chartreuse, comprometida con los derechos de las personas, especialmente en lo que respecta al tratamiento automatizado de datos, y con el fin de garantizar la transparencia ante sus clientes, ha establecido una pol\u00edtica que recoge todos estos tratamientos, los fines que persiguen y los medios de que disponen las personas para ejercer sus derechos de la mejor manera posible.<\/p>\n\n\n\n<p>Para obtener m\u00e1s informaci\u00f3n sobre la protecci\u00f3n de datos personales, le invitamos a consultar el sitio web:\u00a0<a href=\"https:\/\/www.cnil.fr\/\">https:\/\/www.cnil.fr\/<\/a><\/p>\n\n\n\n<p>El hecho de continuar navegando por este sitio web implica la aceptaci\u00f3n sin reservas de las disposiciones y condiciones de uso que se indican a continuaci\u00f3n.<\/p>\n\n\n\n<p>La versi\u00f3n actualmente en l\u00ednea de estas condiciones de uso es la \u00fanica aplicable durante todo el tiempo de uso del sitio web y hasta que una nueva versi\u00f3n la sustituya.<\/p>\n\n\n\n<h2 class=\"wp-block-heading\"><br><strong>Art\u00edculo 1 &#8211; Aviso legal<br><\/strong>1.1 Sitio web (en adelante, \u00abel sitio web\u00bb):\u00a0<\/h2>\n\n\n\n<p>Le Clos des Queyries<\/p>\n\n\n\n<p>1.2 Editor (en adelante, \u00abel editor\u00bb):<\/p>\n\n\n\n<p>La Chartreuse SCI, con un capital social de 2 000,00 \u20ac<\/p>\n\n\n\n<p>con domicilio social en: 38 rue Andr\u00e9 Degain 33100 Burdeos<\/p>\n\n\n\n<p>representada por Sylvie Dehlinger, en su calidad de Gerente<\/p>\n\n\n\n<p>inscrita en el Registro Mercantil de Burdeos con el n\u00famero 828051649<\/p>\n\n\n\n<p>n\u00famero de tel\u00e9fono: 0766316466<\/p>\n\n\n\n<p>direcci\u00f3n de correo electr\u00f3nico: contact@leclosdesqueyries.com<\/p>\n\n\n\n<p>1.3 Proveedor de alojamiento web (en adelante, \u00abel proveedor de alojamiento\u00bb):<\/p>\n\n\n\n<p>Le Clos des Queyries est\u00e1 alojado por OVH, con sede social en 2 rue Kellermann, 59100 Roubaix.<br>\u00a0<\/p>\n\n\n\n<h2 class=\"wp-block-heading\"><strong>Art\u00edculo 2 &#8211; Acceso al sitio web<\/strong><\/h2>\n\n\n\n<p>El acceso al sitio web y su uso est\u00e1n reservados exclusivamente para fines personales. Usted se compromete a no utilizar este sitio web ni la informaci\u00f3n o los datos que en \u00e9l figuran con fines comerciales, pol\u00edticos o publicitarios, ni para cualquier forma de captaci\u00f3n comercial, en particular el env\u00edo de correos electr\u00f3nicos no solicitados.<\/p>\n\n\n\n<h2 class=\"wp-block-heading\"><strong>Art\u00edculo 3 &#8211; Contenido del sitio web<\/strong><\/h2>\n\n\n\n<p>Todas las marcas, fotograf\u00edas, textos, comentarios, ilustraciones, im\u00e1genes animadas o no, secuencias de v\u00eddeo, sonidos, as\u00ed como todas las aplicaciones inform\u00e1ticas que pudieran utilizarse para el funcionamiento de este sitio web y, en general, todos los elementos reproducidos o utilizados en el sitio web est\u00e1n protegidos por la legislaci\u00f3n vigente en materia de propiedad intelectual.<\/p>\n\n\n\n<p>Son propiedad plena y exclusiva del editor o de sus socios. Queda estrictamente prohibida cualquier reproducci\u00f3n, representaci\u00f3n, utilizaci\u00f3n o adaptaci\u00f3n, en cualquier forma, de la totalidad o parte de estos elementos, incluidas las aplicaciones inform\u00e1ticas, sin el consentimiento previo y por escrito del editor. El hecho de que el editor no inicie un procedimiento judicial tras tener conocimiento de dichos usos no autorizados no implica la aceptaci\u00f3n de dichos usos ni la renuncia a emprender acciones legales.<\/p>\n\n\n\n<h2 class=\"wp-block-heading\"><br><strong>Art\u00edculo 4 &#8211; Gesti\u00f3n del sitio web<\/strong><\/h2>\n\n\n\n<p>Para garantizar la correcta gesti\u00f3n del sitio web, el editor podr\u00e1, en cualquier momento:<\/p>\n\n\n\n<ul class=\"wp-block-list\">\n<li>suspender el sitio web para realizar actualizaciones.<\/li>\n<\/ul>\n\n\n\n<ul class=\"wp-block-list\">\n<li>suspender, interrumpir o limitar el acceso a la totalidad o a parte del sitio web, y reservar el acceso al sitio web, o a determinadas partes del mismo, a una categor\u00eda concreta de usuarios;<\/li>\n<\/ul>\n\n\n\n<ul class=\"wp-block-list\">\n<li>eliminar cualquier informaci\u00f3n que pueda perturbar su funcionamiento o que contravenga las leyes nacionales o internacionales;<\/li>\n<\/ul>\n\n\n\n<h2 class=\"wp-block-heading\"><strong><br>Art\u00edculo 5 \u2013 Responsabilidades<\/strong><\/h2>\n\n\n\n<p>El editor no se hace responsable en caso de fallo, aver\u00eda, dificultad o interrupci\u00f3n del funcionamiento que impida el acceso al sitio web o a alguna de sus funcionalidades.<\/p>\n\n\n\n<p>El equipo de conexi\u00f3n al sitio web que utilice es de su entera responsabilidad. Debe tomar todas las medidas adecuadas para proteger su equipo y sus propios datos, en particular contra ataques de virus a trav\u00e9s de Internet. Adem\u00e1s, usted es el \u00fanico responsable de los sitios web y los datos que consulte.<\/p>\n\n\n\n<p>El editor no se har\u00e1 responsable en caso de acciones judiciales en su contra:<\/p>\n\n\n\n<ul class=\"wp-block-list\">\n<li>por el uso del sitio web o de cualquier servicio accesible a trav\u00e9s de Internet;<\/li>\n\n\n\n<li>por el incumplimiento por su parte de las presentes condiciones generales.<\/li>\n<\/ul>\n\n\n\n<p>El editor no se hace responsable de los da\u00f1os causados a usted mismo, a terceros y\/o a su equipo como consecuencia de su conexi\u00f3n o de su uso del sitio web, y usted renuncia a cualquier acci\u00f3n contra \u00e9l por este motivo.<\/p>\n\n\n\n<p>Si el editor fuera objeto de un procedimiento extrajudicial o judicial debido a su uso del sitio web, podr\u00e1 reclamarle una indemnizaci\u00f3n por todos los perjuicios, sumas, condenas y gastos que pudieran derivarse de dicho procedimiento.<\/p>\n\n\n\n<h2 class=\"wp-block-heading\"><strong><br>Art\u00edculo 6 &#8211; Enlaces hipertextuales<\/strong><\/h2>\n\n\n\n<p>El editor autoriza a los usuarios a incluir enlaces hipertextuales hacia la totalidad o parte del sitio web. Cualquier enlace deber\u00e1 retirarse a simple solicitud del editor.<\/p>\n\n\n\n<p>La informaci\u00f3n accesible a trav\u00e9s de un enlace a otros sitios web no es publicada por el editor. El editor no tiene ning\u00fan derecho sobre el contenido presente en dicho enlace.<\/p>\n\n\n\n<h2 class=\"wp-block-heading\"><strong><br>Art\u00edculo 7 &#8211; Recopilaci\u00f3n y protecci\u00f3n de datos<\/strong><\/h2>\n\n\n\n<p>Sus datos son recopilados por la empresa La Chartreuse.<\/p>\n\n\n\n<p>Se entiende por \u00abdato de car\u00e1cter personal\u00bb cualquier informaci\u00f3n relativa a una persona f\u00edsica identificada o identificable (el interesado); se considera identificable a una persona que puede ser identificada, directa o indirectamente, en particular mediante referencia a un nombre, un n\u00famero de identificaci\u00f3n o a uno o varios elementos espec\u00edficos, propios de su identidad f\u00edsica, fisiol\u00f3gica, gen\u00e9tica, ps\u00edquica, econ\u00f3mica, cultural o social.<\/p>\n\n\n\n<p>La informaci\u00f3n personal que puede recopilarse en el sitio web es utilizada principalmente por el editor para gestionar las relaciones con usted y, en su caso, para tramitar sus pedidos.<\/p>\n\n\n\n<p>Los datos personales recopilados son los siguientes:<\/p>\n\n\n\n<p>datos financieros: en el marco del pago de los productos y servicios ofrecidos en la Plataforma, esta registra datos financieros relativos a la tarjeta de cr\u00e9dito del usuario.<\/p>\n\n\n\n<p>nombre y apellidos<\/p>\n\n\n\n<p>direcci\u00f3n<\/p>\n\n\n\n<p>direcci\u00f3n de correo electr\u00f3nico<\/p>\n\n\n\n<p>n\u00famero de tel\u00e9fono<\/p>\n\n\n\n<h2 class=\"wp-block-heading\"><strong>Art\u00edculo 8 &#8211; Derecho de acceso, rectificaci\u00f3n y supresi\u00f3n de sus datos<\/strong><\/h2>\n\n\n\n<p>En aplicaci\u00f3n de la normativa aplicable a los datos de car\u00e1cter personal, los usuarios disponen de los siguientes derechos:<\/p>\n\n\n\n<p>\u00b7 el derecho de acceso: pueden ejercer su derecho de acceso para conocer los datos personales que les conciernen, escribiendo a la direcci\u00f3n de correo electr\u00f3nico que se indica a continuaci\u00f3n. En este caso, antes de hacer efectivo dicho derecho, la Plataforma podr\u00e1 solicitar una prueba de la identidad del usuario con el fin de verificar su veracidad;<\/p>\n\n\n\n<p>\u00b7 el derecho de rectificaci\u00f3n: si los datos personales que obran en poder de la Plataforma son inexactos, podr\u00e1n solicitar la actualizaci\u00f3n de la informaci\u00f3n;<\/p>\n\n\n\n<p>\u00b7 el derecho de supresi\u00f3n de los datos: los usuarios pueden solicitar la supresi\u00f3n de sus datos personales, de conformidad con la legislaci\u00f3n aplicable en materia de protecci\u00f3n de datos;<\/p>\n\n\n\n<p>\u00b7 el derecho a la limitaci\u00f3n del tratamiento: los usuarios pueden solicitar a la Plataforma que limite el tratamiento de los datos personales de conformidad con los supuestos previstos por el RGPD;<\/p>\n\n\n\n<p>\u00b7 el derecho a oponerse al tratamiento de los datos: los usuarios pueden oponerse a que sus datos sean tratados de conformidad con los supuestos previstos en el RGPD;<\/p>\n\n\n\n<p>\u00b7 el derecho a la portabilidad: pueden solicitar que la Plataforma les facilite los datos personales que hayan facilitado para transmitirlos a una nueva Plataforma.<\/p>\n\n\n\n<p>Puede ejercer este derecho poni\u00e9ndose en contacto con nosotros en la siguiente direcci\u00f3n:<\/p>\n\n\n\n<p>38 rue Andr\u00e9 Degain &nbsp;33100 Bordeaux&nbsp;&nbsp;.<\/p>\n\n\n\n<p>O por correo electr\u00f3nico, a la direcci\u00f3n:<\/p>\n\n\n\n<p>contact@leclosdesqueyries.com&nbsp; &nbsp;&nbsp;<\/p>\n\n\n\n<p>Toda solicitud deber\u00e1 ir acompa\u00f1ada de una fotocopia de un documento de identidad v\u00e1lido y firmado, y deber\u00e1 indicar la direcci\u00f3n en la que el editor podr\u00e1 ponerse en contacto con el solicitante. La respuesta se enviar\u00e1 en el plazo de un mes a partir de la recepci\u00f3n de la solicitud. Este plazo de un mes podr\u00e1 ampliarse a dos meses si as\u00ed lo exigen la complejidad de la solicitud y\/o el n\u00famero de solicitudes.<\/p>\n\n\n\n<p>Adem\u00e1s, y desde la ley n.\u00ba 2016-1321, de 7 de octubre de 2016, las personas que lo deseen tienen la posibilidad de disponer del destino de sus datos tras su fallecimiento. Para obtener m\u00e1s informaci\u00f3n al respecto, puede consultar la p\u00e1gina web de la CNIL: https:\/\/www.cnil.fr\/.<\/p>\n\n\n\n<p>Los usuarios tambi\u00e9n pueden presentar una reclamaci\u00f3n ante la CNIL a trav\u00e9s de la p\u00e1gina web de la CNIL: \u00a0<a href=\"https:\/\/www.cnil.fr\/\">https:\/\/www.cnil.fr<\/a>.\u00a0<\/p>\n\n\n\n<p>Le recomendamos que se ponga en contacto con nosotros en primer lugar antes de presentar una reclamaci\u00f3n ante la CNIL, ya que estamos a su entera disposici\u00f3n para resolver su problema.<\/p>\n\n\n\n<h2 class=\"wp-block-heading\"><strong>Art\u00edculo 9 &#8211; Utilizaci\u00f3n de los datos<\/strong><\/h2>\n\n\n\n<p>Los datos personales recopilados de los usuarios tienen como finalidad la prestaci\u00f3n de los servicios de la Plataforma, su mejora y el mantenimiento de un entorno seguro. La base jur\u00eddica del tratamiento es la ejecuci\u00f3n del contrato entre el usuario y la Plataforma. M\u00e1s concretamente, los fines son los siguientes:<\/p>\n\n\n\n<ul class=\"wp-block-list\">\n<li>el acceso y la utilizaci\u00f3n de la Plataforma por parte del usuario;<\/li>\n<\/ul>\n\n\n\n<ul class=\"wp-block-list\">\n<li>gesti\u00f3n del funcionamiento y optimizaci\u00f3n de la Plataforma;<\/li>\n<\/ul>\n\n\n\n<ul class=\"wp-block-list\">\n<li>prestaci\u00f3n de asistencia a los usuarios;<\/li>\n<\/ul>\n\n\n\n<ul class=\"wp-block-list\">\n<li>verificaci\u00f3n, identificaci\u00f3n y autenticaci\u00f3n de los datos transmitidos por el usuario;<\/li>\n<\/ul>\n\n\n\n<ul class=\"wp-block-list\">\n<li>personalizaci\u00f3n de los servicios mediante la visualizaci\u00f3n de anuncios publicitarios en funci\u00f3n del historial de navegaci\u00f3n del usuario, seg\u00fan sus preferencias;<\/li>\n<\/ul>\n\n\n\n<ul class=\"wp-block-list\">\n<li>prevenci\u00f3n y detecci\u00f3n de fraudes, malware (software malicioso) y gesti\u00f3n de incidentes de seguridad;<\/li>\n<\/ul>\n\n\n\n<ul class=\"wp-block-list\">\n<li>gesti\u00f3n de posibles litigios con los usuarios;<\/li>\n<\/ul>\n\n\n\n<ul class=\"wp-block-list\">\n<li>env\u00edo de informaci\u00f3n comercial y publicitaria, en funci\u00f3n de las preferencias del usuario;<\/li>\n\n\n\n<li>organizaci\u00f3n de las condiciones de uso de los Servicios de pago.<\/li>\n<\/ul>\n\n\n\n<h2 class=\"wp-block-heading\"><strong>Art\u00edculo 10 &#8211; Pol\u00edtica de conservaci\u00f3n de datos<\/strong><\/h2>\n\n\n\n<p>La Plataforma conserva sus datos durante el tiempo necesario para prestarle sus servicios o asistencia.<\/p>\n\n\n\n<p>En la medida en que sea razonablemente necesario o se requiera para cumplir con obligaciones legales o reglamentarias, resolver litigios, prevenir fraudes y abusos o aplicar nuestros t\u00e9rminos y condiciones, tambi\u00e9n podemos conservar cierta informaci\u00f3n sobre usted si es necesario, incluso despu\u00e9s de que haya cerrado su cuenta o de que ya no la necesitemos para prestarle nuestros servicios.<\/p>\n\n\n\n<h2 class=\"wp-block-heading\"><strong>Art\u00edculo 11. &#8211; Compartir datos personales con terceros<\/strong><\/h2>\n\n\n\n<p>Los datos personales pueden compartirse con empresas de terceros exclusivamente dentro de la Uni\u00f3n Europea, en los siguientes casos:<\/p>\n\n\n\n<ul class=\"wp-block-list\">\n<li>Cuando el usuario utiliza los servicios de pago; para la prestaci\u00f3n de dichos servicios, la Plataforma colabora con entidades bancarias y financieras de terceros con las que ha celebrado contratos; <\/li>\n\n\n\n<li>Si as\u00ed lo exige la ley, la Plataforma podr\u00e1 transmitir datos para dar respuesta a las reclamaciones presentadas contra la Plataforma y cumplir con los procedimientos administrativos y judiciales.<\/li>\n\n\n\n<li>Cuando el usuario utiliza los servicios de pago; para la prestaci\u00f3n de dichos servicios, la Plataforma colabora con entidades bancarias y financieras de terceros con las que ha celebrado contratos;<\/li>\n\n\n\n<li>Cuando el usuario publica, en las secciones de comentarios libres de la Plataforma, informaci\u00f3n accesible al p\u00fablico;<\/li>\n\n\n\n<li>Cuando el usuario autoriza al sitio web de un tercero a acceder a sus datos;<\/li>\n\n\n\n<li>Cuando la Plataforma recurre a los servicios de proveedores para prestar asistencia al usuario, publicidad y servicios de pago. Dichos proveedores disponen de un acceso limitado a los datos del usuario, en el marco de la prestaci\u00f3n de dichos servicios, y tienen la obligaci\u00f3n contractual de utilizarlos de conformidad con las disposiciones de la normativa aplicable en materia de protecci\u00f3n de datos personales;<\/li>\n\n\n\n<li>Si as\u00ed lo exige la ley, la Plataforma podr\u00e1 transmitir datos para dar respuesta a las reclamaciones presentadas contra la Plataforma y cumplir con los procedimientos administrativos y judiciales.<\/li>\n<\/ul>\n\n\n\n<h2 class=\"wp-block-heading\"><strong>Art\u00edculo 12 &#8211; Ofertas comerciales<\/strong><\/h2>\n\n\n\n<p>Es posible que reciba ofertas comerciales del editor. Si no desea recibirlas, haga clic en el siguiente enlace: contact@leclosdesqueyries.com.<\/p>\n\n\n\n<p>Sus datos pueden ser utilizados por los socios del editor con fines de prospecci\u00f3n comercial; si no desea ello, haga clic en el siguiente enlace: contact@leclosdesqueyries.com.<\/p>\n\n\n\n<p>Si, al consultar el sitio web, accede a datos de car\u00e1cter personal, debe abstenerse de cualquier recopilaci\u00f3n, uso no autorizado y cualquier acto que pueda constituir una violaci\u00f3n de la privacidad o la reputaci\u00f3n de las personas. El editor declina toda responsabilidad al respecto.<\/p>\n\n\n\n<p>Los datos se conservan y utilizan durante un plazo conforme a la legislaci\u00f3n vigente.<\/p>\n\n\n\n<h2 class=\"wp-block-heading\"><br><strong><strong>Art\u00edculo<\/strong> 13\u00a0&#8211;\u00a0Cookies\u00a0<\/strong><\/h2>\n\n\n\n<p>\u00bfQu\u00e9 es una \u00abcookie\u00bb?<\/p>\n\n\n\n<p>Una \u00abcookie\u00bb o rastreador es un archivo electr\u00f3nico que se almacena en un dispositivo (ordenador, tableta, smartphone, etc.) y que se lee, por ejemplo, al visitar un sitio web, leer un correo electr\u00f3nico, instalar o utilizar un programa o una aplicaci\u00f3n m\u00f3vil, independientemente del tipo de dispositivo utilizado (fuente:\u00a0<a href=\"https:\/\/www.cnil.fr\/fr\/cookies-traceurs-que-dit-la-loi\">https:\/\/www.cnil.fr\/fr\/cookies-<u>traceurs-que-dit-la-loi<\/u><\/a>).<\/p>\n\n\n\n<p>El sitio web puede recopilar autom\u00e1ticamente informaci\u00f3n est\u00e1ndar. Toda la informaci\u00f3n recopilada de forma indirecta se utilizar\u00e1 \u00fanicamente para realizar un seguimiento del volumen, el tipo y la configuraci\u00f3n del tr\u00e1fico que utiliza este sitio web, con el fin de mejorar su dise\u00f1o y estructura, as\u00ed como para otros fines administrativos y de planificaci\u00f3n y, en general, para mejorar el servicio que le ofrecemos.<\/p>\n\n\n\n<p>En su caso, se podr\u00e1n instalar en su dispositivo \u00abcookies\u00bb procedentes del editor del sitio web y\/o de terceras empresas, siempre que usted d\u00e9 su consentimiento. En tal caso, la primera vez que navegue por este sitio web, aparecer\u00e1 un banner explicativo sobre el uso de las \u00abcookies\u00bb. Antes de continuar navegando, el cliente y\/o el cliente potencial deber\u00e1 aceptar o rechazar el uso de dichas \u00abcookies\u00bb. El consentimiento otorgado tendr\u00e1 una validez de trece (13) meses. El usuario tiene la posibilidad de desactivar las cookies en cualquier momento.<\/p>\n\n\n\n<p>En este sitio web se utilizan las siguientes cookies:<\/p>\n\n\n\n<p>Cookies de Google:<\/p>\n\n\n\n<ul class=\"wp-block-list\">\n<li>Google Analytics: permite medir la audiencia del sitio web;<\/li>\n<\/ul>\n\n\n\n<ul class=\"wp-block-list\">\n<li>Google Tag Manager: facilita la implementaci\u00f3n de etiquetas en las p\u00e1ginas y permite gestionar las etiquetas de Google;<\/li>\n<\/ul>\n\n\n\n<ul class=\"wp-block-list\">\n<li>Google Adsense: red publicitaria de Google que utiliza sitios web o v\u00eddeos de YouTube como soporte para sus anuncios;<\/li>\n<\/ul>\n\n\n\n<ul class=\"wp-block-list\">\n<li>Google Dynamic Remarketing: permite ofrecerle publicidad din\u00e1mica en funci\u00f3n de sus b\u00fasquedas anteriores;<\/li>\n<\/ul>\n\n\n\n<ul class=\"wp-block-list\">\n<li>Google Adwords Conversion: herramienta de seguimiento de las campa\u00f1as publicitarias de Adwords;<\/li>\n<\/ul>\n\n\n\n<ul class=\"wp-block-list\">\n<li>DoubleClick: cookies publicitarias de Google para mostrar banners.<\/li>\n<\/ul>\n\n\n\n<ul class=\"wp-block-list\">\n<li>JetPack y Complianz, que tienen fines estad\u00edsticos y funcionales, respectivamente. <\/li>\n\n\n\n<li>La duraci\u00f3n de estas cookies es de trece meses.<\/li>\n<\/ul>\n\n\n\n<h2 class=\"wp-block-heading\"><br><strong>Art\u00edculo 14 &#8211; Fotograf\u00edas y representaci\u00f3n de los productos<\/strong><\/h2>\n\n\n\n<p>Las fotograf\u00edas de los productos, que acompa\u00f1an a su descripci\u00f3n, no son vinculantes y no comprometen al editor.<\/p>\n\n\n\n<h2 class=\"wp-block-heading\"><br><strong>Art\u00edculo 15 &#8211; Legislaci\u00f3n aplicable<\/strong><\/h2>\n\n\n\n<p>Las presentes condiciones de uso del sitio web se rigen por la legislaci\u00f3n francesa y est\u00e1n sujetas a la competencia de los tribunales de la sede social del editor, sin perjuicio de que una ley o normativa espec\u00edfica establezca otra competencia.<\/p>\n\n\n\n<h2 class=\"wp-block-heading\"><br><strong>Art\u00edculo 16 &#8211; Contacte con nosotros<\/strong><\/h2>\n\n\n\n<p>Para cualquier pregunta o informaci\u00f3n sobre los productos presentados en el sitio web, o sobre el propio sitio web, puede enviar un mensaje a la siguiente direcci\u00f3n: contact@leclosdesqueyries.com.<\/p>\n","protected":false},"excerpt":{"rendered":"<p>La sociedad La Chartreuse, comprometida con los derechos de las personas, especialmente en lo que respecta al tratamiento automatizado de datos, y con el fin de garantizar la transparencia ante sus clientes, ha establecido una pol\u00edtica que recoge todos estos tratamientos, los fines que persiguen y los medios de que disponen las personas para ejercer [&hellip;]<\/p>\n","protected":false},"author":2,"featured_media":0,"parent":0,"menu_order":0,"comment_status":"closed","ping_status":"open","template":"template-fullwidth.php","meta":{"_acf_changed":false,"footnotes":""},"class_list":["post-3","page","type-page","status-publish","hentry"],"acf":[],"yoast_head":"<!-- This site is optimized with the Yoast SEO plugin v25.6 - https:\/\/yoast.com\/wordpress\/plugins\/seo\/ -->\n<title>Aviso legal y pol\u00edtica de privacidad<\/title>\n<meta name=\"robots\" content=\"index, follow, max-snippet:-1, max-image-preview:large, max-video-preview:-1\" \/>\n<link rel=\"canonical\" href=\"https:\/\/www.leclosdesqueyries.com\/es\/mentions-legales-politique-de-confidentialite\/\" \/>\n<meta property=\"og:locale\" content=\"es_ES\" \/>\n<meta property=\"og:locale:alternate\" content=\"fr_FR\" \/>\n<meta property=\"og:locale:alternate\" content=\"en_US\" \/>\n<meta property=\"og:type\" content=\"article\" \/>\n<meta property=\"og:title\" content=\"Aviso legal y pol\u00edtica de privacidad\" \/>\n<meta property=\"og:description\" content=\"La sociedad La Chartreuse, comprometida con los derechos de las personas, especialmente en lo que respecta al tratamiento automatizado de datos, y con el fin de garantizar la transparencia ante sus clientes, ha establecido una pol\u00edtica que recoge todos estos tratamientos, los fines que persiguen y los medios de que disponen las personas para ejercer [&hellip;]\" \/>\n<meta property=\"og:url\" content=\"https:\/\/www.leclosdesqueyries.com\/es\/mentions-legales-politique-de-confidentialite\/\" \/>\n<meta property=\"og:site_name\" content=\"Le Clos des Queyries\" \/>\n<meta property=\"article:modified_time\" content=\"2026-04-30T13:28:51+00:00\" \/>\n<meta name=\"twitter:card\" content=\"summary_large_image\" \/>\n<meta name=\"twitter:label1\" content=\"Tiempo de lectura\" \/>\n\t<meta name=\"twitter:data1\" content=\"13 minutos\" \/>\n<script type=\"application\/ld+json\" class=\"yoast-schema-graph\">{\"@context\":\"https:\/\/schema.org\",\"@graph\":[{\"@type\":\"WebPage\",\"@id\":\"https:\/\/www.leclosdesqueyries.com\/es\/mentions-legales-politique-de-confidentialite\/\",\"url\":\"https:\/\/www.leclosdesqueyries.com\/es\/mentions-legales-politique-de-confidentialite\/\",\"name\":\"Aviso legal y pol\u00edtica de privacidad\",\"isPartOf\":{\"@id\":\"https:\/\/www.leclosdesqueyries.com\/#website\"},\"datePublished\":\"2020-06-10T19:58:03+00:00\",\"dateModified\":\"2026-04-30T13:28:51+00:00\",\"inLanguage\":\"es-ES\",\"potentialAction\":[{\"@type\":\"ReadAction\",\"target\":[\"https:\/\/www.leclosdesqueyries.com\/es\/mentions-legales-politique-de-confidentialite\/\"]}]},{\"@type\":\"WebSite\",\"@id\":\"https:\/\/www.leclosdesqueyries.com\/#website\",\"url\":\"https:\/\/www.leclosdesqueyries.com\/\",\"name\":\"Le Clos des Queyries\",\"description\":\"\",\"publisher\":{\"@id\":\"https:\/\/www.leclosdesqueyries.com\/#organization\"},\"potentialAction\":[{\"@type\":\"SearchAction\",\"target\":{\"@type\":\"EntryPoint\",\"urlTemplate\":\"https:\/\/www.leclosdesqueyries.com\/?s={search_term_string}\"},\"query-input\":{\"@type\":\"PropertyValueSpecification\",\"valueRequired\":true,\"valueName\":\"search_term_string\"}}],\"inLanguage\":\"es-ES\"},{\"@type\":\"Organization\",\"@id\":\"https:\/\/www.leclosdesqueyries.com\/#organization\",\"name\":\"Le Clos des Queyries\",\"url\":\"https:\/\/www.leclosdesqueyries.com\/\",\"logo\":{\"@type\":\"ImageObject\",\"inLanguage\":\"es-ES\",\"@id\":\"https:\/\/www.leclosdesqueyries.com\/#\/schema\/logo\/image\/\",\"url\":\"https:\/\/i0.wp.com\/www.leclosdesqueyries.com\/wp-content\/uploads\/2020\/06\/cropped-Logo-LeClosQueyries-2018-2-3.jpg?fit=2048%2C934&ssl=1\",\"contentUrl\":\"https:\/\/i0.wp.com\/www.leclosdesqueyries.com\/wp-content\/uploads\/2020\/06\/cropped-Logo-LeClosQueyries-2018-2-3.jpg?fit=2048%2C934&ssl=1\",\"width\":2048,\"height\":934,\"caption\":\"Le Clos des Queyries\"},\"image\":{\"@id\":\"https:\/\/www.leclosdesqueyries.com\/#\/schema\/logo\/image\/\"}}]}<\/script>\n<!-- \/ Yoast SEO plugin. -->","yoast_head_json":{"title":"Aviso legal y pol\u00edtica de privacidad","robots":{"index":"index","follow":"follow","max-snippet":"max-snippet:-1","max-image-preview":"max-image-preview:large","max-video-preview":"max-video-preview:-1"},"canonical":"https:\/\/www.leclosdesqueyries.com\/es\/mentions-legales-politique-de-confidentialite\/","og_locale":"es_ES","og_type":"article","og_title":"[:fr]Mentions l\u00e9gales et politique de confidentialit\u00e9[:en]Legal information and policy[:es]Aviso legal y pol\u00edtica de privacidad[:] - Le Clos des Queyries","og_description":"La sociedad La Chartreuse, comprometida con los derechos de las personas, especialmente en lo que respecta al tratamiento automatizado de datos, y con el fin de garantizar la transparencia ante sus clientes, ha establecido una pol\u00edtica que recoge todos estos tratamientos, los fines que persiguen y los medios de que disponen las personas para ejercer [&hellip;]","og_url":"https:\/\/www.leclosdesqueyries.com\/es\/mentions-legales-politique-de-confidentialite\/","og_site_name":"Le Clos des Queyries","article_modified_time":"2026-04-30T13:28:51+00:00","twitter_card":"summary_large_image","twitter_misc":{"Tiempo de lectura":"13 minutos"},"schema":{"@context":"https:\/\/schema.org","@graph":[{"@type":"WebPage","@id":"https:\/\/www.leclosdesqueyries.com\/es\/mentions-legales-politique-de-confidentialite\/","url":"https:\/\/www.leclosdesqueyries.com\/es\/mentions-legales-politique-de-confidentialite\/","name":"Aviso legal y pol\u00edtica de privacidad","isPartOf":{"@id":"https:\/\/www.leclosdesqueyries.com\/#website"},"datePublished":"2020-06-10T19:58:03+00:00","dateModified":"2026-04-30T13:28:51+00:00","inLanguage":"es-ES","potentialAction":[{"@type":"ReadAction","target":["https:\/\/www.leclosdesqueyries.com\/es\/mentions-legales-politique-de-confidentialite\/"]}]},{"@type":"WebSite","@id":"https:\/\/www.leclosdesqueyries.com\/#website","url":"https:\/\/www.leclosdesqueyries.com\/","name":"Le Clos des Queyries","description":"","publisher":{"@id":"https:\/\/www.leclosdesqueyries.com\/#organization"},"potentialAction":[{"@type":"SearchAction","target":{"@type":"EntryPoint","urlTemplate":"https:\/\/www.leclosdesqueyries.com\/?s={search_term_string}"},"query-input":{"@type":"PropertyValueSpecification","valueRequired":true,"valueName":"search_term_string"}}],"inLanguage":"es-ES"},{"@type":"Organization","@id":"https:\/\/www.leclosdesqueyries.com\/#organization","name":"Le Clos des Queyries","url":"https:\/\/www.leclosdesqueyries.com\/","logo":{"@type":"ImageObject","inLanguage":"es-ES","@id":"https:\/\/www.leclosdesqueyries.com\/#\/schema\/logo\/image\/","url":"https:\/\/i0.wp.com\/www.leclosdesqueyries.com\/wp-content\/uploads\/2020\/06\/cropped-Logo-LeClosQueyries-2018-2-3.jpg?fit=2048%2C934&ssl=1","contentUrl":"https:\/\/i0.wp.com\/www.leclosdesqueyries.com\/wp-content\/uploads\/2020\/06\/cropped-Logo-LeClosQueyries-2018-2-3.jpg?fit=2048%2C934&ssl=1","width":2048,"height":934,"caption":"Le Clos des Queyries"},"image":{"@id":"https:\/\/www.leclosdesqueyries.com\/#\/schema\/logo\/image\/"}}]}},"jetpack_sharing_enabled":true,"_links":{"self":[{"href":"https:\/\/www.leclosdesqueyries.com\/es\/wp-json\/wp\/v2\/pages\/3","targetHints":{"allow":["GET"]}}],"collection":[{"href":"https:\/\/www.leclosdesqueyries.com\/es\/wp-json\/wp\/v2\/pages"}],"about":[{"href":"https:\/\/www.leclosdesqueyries.com\/es\/wp-json\/wp\/v2\/types\/page"}],"author":[{"embeddable":true,"href":"https:\/\/www.leclosdesqueyries.com\/es\/wp-json\/wp\/v2\/users\/2"}],"replies":[{"embeddable":true,"href":"https:\/\/www.leclosdesqueyries.com\/es\/wp-json\/wp\/v2\/comments?post=3"}],"version-history":[{"count":13,"href":"https:\/\/www.leclosdesqueyries.com\/es\/wp-json\/wp\/v2\/pages\/3\/revisions"}],"predecessor-version":[{"id":1461,"href":"https:\/\/www.leclosdesqueyries.com\/es\/wp-json\/wp\/v2\/pages\/3\/revisions\/1461"}],"wp:attachment":[{"href":"https:\/\/www.leclosdesqueyries.com\/es\/wp-json\/wp\/v2\/media?parent=3"}],"curies":[{"name":"wp","href":"https:\/\/api.w.org\/{rel}","templated":true}]}}