{"id":593,"date":"2020-08-22T20:42:48","date_gmt":"2020-08-22T18:42:48","guid":{"rendered":"http:\/\/pp.lcq.ernouf.fr\/?page_id=593"},"modified":"2025-04-24T17:06:27","modified_gmt":"2025-04-24T15:06:27","slug":"conditions-generales-de-vente","status":"publish","type":"page","link":"https:\/\/www.leclosdesqueyries.com\/es\/conditions-generales-de-vente\/","title":{"rendered":"Conditions G\u00e9n\u00e9rales de Vente"},"content":{"rendered":"\n<h2 class=\"wp-block-heading\"><strong>Article 1 \u2013 &nbsp; Dur\u00e9e du s\u00e9jour<\/strong><\/h2>\n\n\n\n<p>Le client acceptant le pr\u00e9sent contrat conclu pour une dur\u00e9e d\u00e9termin\u00e9e ne pourra en aucune circonstance se pr\u00e9valoir d\u2019un quelconque droit au maintien dans les lieux.<strong><\/strong><\/p>\n\n\n\n<h2 class=\"wp-block-heading\"><strong>Article 2 \u2013 &nbsp; Offre de s\u00e9jour<\/strong><\/h2>\n\n\n\n<p>L\u2019offre de s\u00e9jour est compos\u00e9e d\u2019un h\u00e9bergement en chambre individuelle \u00e9quip\u00e9e d\u2019une salle d\u2019eau privative et d\u2019un petit d\u00e9jeuner.<\/p>\n\n\n\n<p>Les chambres sont \u00e9quip\u00e9es du linge de maison (linge de lit et linge de toilette). En cas de long s\u00e9jour, les draps pourront \u00eatre chang\u00e9s apr\u00e8s trois jours sur demande et les taies d\u2019oreillers et linge de toilette d\u00e8s n\u00e9cessit\u00e9.<\/p>\n\n\n\n<p>Si malgr\u00e9 notre vigilance le client constate un dysfonctionnement dans la chambre, le client est invit\u00e9 \u00e0 le signaler imm\u00e9diatement.<\/p>\n\n\n\n<h2 class=\"wp-block-heading\"><strong>Article 3 \u2013 &nbsp; Tarifs<\/strong><\/h2>\n\n\n\n<p>Les prix applicables sont ceux en vigueur au jour de la r\u00e9servation. Le Clos des Queyries est libre de faire varier ses tarifs \u00e0 tout moment et diff\u00e9remment d\u2019un site de r\u00e9servation \u00e0 l\u2019autre. Aussi, seul le prix indiqu\u00e9 dans la confirmation de r\u00e9servation est contractuel.<\/p>\n\n\n\n<p>Les tarifs indiqu\u00e9s sont en euros et sont donn\u00e9s \u00e0 la nuit, petit d\u00e9jeuner et taxe de s\u00e9jour compris pour le nombre d\u2019occupants convenu.<\/p>\n\n\n\n<h2 class=\"wp-block-heading\"><strong>Article 4 \u2013 &nbsp; Taxe de s\u00e9jour<\/strong><\/h2>\n\n\n\n<p>La taxe de s\u00e9jour collect\u00e9e par Le Clos des Queyries et revers\u00e9e \u00e0 Bordeaux M\u00e9tropole est incluse dans le prix du s\u00e9jour.<\/p>\n\n\n\n<h2 class=\"wp-block-heading\"><strong>Article 5 \u2013 &nbsp; Modalit\u00e9s de r\u00e9servation et moyens de paiement<\/strong><\/h2>\n\n\n\n<p>La r\u00e9servation pourra \u00eatre prise sur le module de r\u00e9servation de notre site internet au moyen d\u2019une carte bancaire. Le Clos des Queyries accepte \u00e9galement les r\u00e9servations t\u00e9l\u00e9phoniques ou par mail.<\/p>\n\n\n\n<p>Dans le cas d\u2019une r\u00e9servation par mail ou t\u00e9l\u00e9phone, il pourra \u00eatre demand\u00e9 un acompte de 30 % \u00e0 r\u00e9gler par virement ou par carte bancaire.<\/p>\n\n\n\n<p>La r\u00e9servation n\u2019est ferme et d\u00e9finitive qu\u2019apr\u00e8s confirmation de la part du Clos des Queyries et r\u00e9ception le cas \u00e9ch\u00e9ant de l\u2019acompte demand\u00e9.<\/p>\n\n\n\n<p>Le client devra s\u2019acquitter de la totalit\u00e9 du montant du s\u00e9jour \u00e0 son arriv\u00e9e, par virement, en esp\u00e8ces ou par carte bancaire.<\/p>\n\n\n\n<p>Les consommations et les prestations suppl\u00e9mentaires non mentionn\u00e9es dans le pr\u00e9sent contrat seront \u00e0 r\u00e9gler en fin de s\u00e9jour au Clos des Queyries.<\/p>\n\n\n\n<p>Par sa r\u00e9servation, le client exprime son accord plein et entier avec les pr\u00e9sentes CGV.<\/p>\n\n\n\n<h2 class=\"wp-block-heading\"><strong>Article 6 \u2013 &nbsp;Annulation \/ Modification \/ Remboursement<\/strong><\/h2>\n\n\n\n<p style=\"font-size:20px\"><strong>Annulation par le client<\/strong><\/p>\n\n\n\n<p>Toute annulation doit \u00eatre notifi\u00e9e par \u00e9crit aux propri\u00e9taires.<\/p>\n\n\n\n<div class=\"wp-block-group\"><div class=\"wp-block-group__inner-container is-layout-constrained wp-block-group-is-layout-constrained\">\n<p style=\"font-size:20px\"><strong>Annulation avant le d\u00e9but du s\u00e9jour<\/strong>   <\/p>\n\n\n\n<p>Toute annulation effectu\u00e9e plus de 14 jours avant la date d\u2019arriv\u00e9e sera sans frais. Un remboursement int\u00e9gral du montant d\u00e9j\u00e0 vers\u00e9 sera effectu\u00e9 dans ce cas.                                                                                                                                                    Le client devra verser 50% du montant total de la r\u00e9servation entre 8 jours et 14 jours avant l\u2019arriv\u00e9e, avec un minimum d\u2019une nuit \u00e0 r\u00e9gler.                                                                                                                                                                                      Le client devra verser le montant total de la r\u00e9servation s\u2019il annule dans les 7 jours pr\u00e9c\u00e9dant l\u2019arriv\u00e9e. <\/p>\n\n\n\n<p>Dans le cas d\u2019un tarif \u00ab&nbsp;non remboursable&nbsp;\u00bb, le paiement est effectu\u00e9 en totalit\u00e9 lors de la r\u00e9servation et d\u00e8s lors ne sera plus remboursable quel que soit le motif de l\u2019annulation.                              <\/p>\n<\/div><\/div>\n\n\n\n<p>Si le client ne se pr\u00e9sente pas \u00e0 l\u2019heure convenue le jour de d\u00e9but du s\u00e9jour, les propri\u00e9taires peuvent disposer de ses chambres d\u2019h\u00f4tes et retiendront le montant total de la r\u00e9servation.<\/p>\n\n\n\n<p>En cas de s\u00e9jour \u00e9court\u00e9, le prix correspondant au co\u00fbt total du s\u00e9jour est d\u00fb.<\/p>\n\n\n\n<p style=\"font-size:20px\"><strong>Annulation impos\u00e9e par les autorit\u00e9s (ex&nbsp;: Covid 19)&nbsp;&nbsp;&nbsp;<\/strong><\/p>\n\n\n\n<p style=\"font-size:16px\">Le remboursement des r\u00e9servations annul\u00e9es dans ce cas pourra se faire sous la forme d\u2019un avoir d\u2019une dur\u00e9e de 18 mois remboursable \u00e0 terme.&nbsp;&nbsp;&nbsp;<\/p>\n\n\n\n<p style=\"font-size:20px\"><strong>Annulation par le propri\u00e9taire&nbsp;&nbsp;<\/strong><\/p>\n\n\n\n<p>En cas d\u2019impossibilit\u00e9 par Le Clos des Queyries de recevoir un client qui aurait r\u00e9serv\u00e9 de fa\u00e7on ferme, les propri\u00e9taires feront le n\u00e9cessaire pour le reloger dans un \u00e9tablissement avec prestations \u00e9quivalentes. Le client sera rembours\u00e9 imm\u00e9diatement des sommes d\u00e9j\u00e0 vers\u00e9es.<\/p>\n\n\n\n<p style=\"font-size:20px\"><strong>Modification<\/strong>         <\/p>\n\n\n\n<p>Toute modification de la r\u00e9servation (changement de date, r\u00e9duction de la dur\u00e9e du s\u00e9jour, etc.) doit \u00eatre effectu\u00e9e au moins 14 jours avant la date d\u2019arriv\u00e9e. Au-del\u00e0 de ce d\u00e9lai, la modification pourra \u00eatre consid\u00e9r\u00e9e comme une annulation et soumise aux conditions d\u2019annulation.                                                                                                                                                                                                  <\/p>\n\n\n\n<p style=\"font-size:20px\"> <strong>Remboursement      <\/strong><\/p>\n\n\n\n<p>En cas d\u2019annulation dans les d\u00e9lais pr\u00e9vus, le remboursement sera effectu\u00e9 dans un d\u00e9lai de 14 jours apr\u00e8s la r\u00e9ception de la demande d\u2019annulation. Les frais de transaction resteront \u00e0 la charge du client. <\/p>\n\n\n\n<h2 class=\"wp-block-heading\"><strong>Article 7 \u2013 &nbsp; Changement de chambre<\/strong><\/h2>\n\n\n\n<p>Le Clos des Queyries se r\u00e9serve la possibilit\u00e9 de changer la chambre initialement r\u00e9serv\u00e9e par le client par une chambre de m\u00eame cat\u00e9gorie ou de cat\u00e9gorie sup\u00e9rieure si n\u00e9cessaire et ce, sans que le client ne puisse pr\u00e9tendre \u00e0 un quelconque d\u00e9dommagement. Dans un tel cas, le co\u00fbt de la r\u00e9servation reste inchang\u00e9.<\/p>\n\n\n\n<h2 class=\"wp-block-heading\"><strong>Article 8 \u2013 &nbsp; Horaires d\u2019arriv\u00e9e et de d\u00e9part<\/strong><\/h2>\n\n\n\n<p>La r\u00e9ception se fait entre 16h et 20h, Le Clos des Queyries ne disposant pas d\u2019un service d\u2019accueil permanent. Toutefois d\u2019autres horaires d\u2019arriv\u00e9e pourront \u00eatre convenus avec les propri\u00e9taires. Dans tous les cas, l\u2019horaire d\u2019arriv\u00e9e devra \u00eatre communiqu\u00e9 au plus tard la veille du d\u00e9but du s\u00e9jour.<\/p>\n\n\n\n<p>Le jour du d\u00e9part, la chambre devra \u00eatre lib\u00e9r\u00e9e pour 11h avec remise des cl\u00e9s. Au cas o\u00f9 les cl\u00e9s ne pourraient pas \u00eatre restitu\u00e9es, celles-ci- seront factur\u00e9es 50 \u20ac.<\/p>\n\n\n\n<h2 class=\"wp-block-heading\"><strong>Article 9 \u2013 &nbsp; Occupants<\/strong><\/h2>\n\n\n\n<p>Le nombre d\u2019occupants doit \u00eatre conforme \u00e0 celui convenu lors de la r\u00e9servation. Dans le cas contraire, les propri\u00e9taires se r\u00e9servent le droit de refuser les clients suppl\u00e9mentaires. Ce refus ne pouvant en aucun cas \u00eatre consid\u00e9r\u00e9 comme une rupture du contrat \u00e0 l\u2019initiative du Clos des Queyries, aucun remboursement ne pourra \u00eatre envisag\u00e9.<\/p>\n\n\n\n<p>De m\u00eame, aucun visiteur, sauf accord pr\u00e9alable des propri\u00e9taires, ne sera accept\u00e9 dans l\u2019enceinte du Clos des Queyries.<\/p>\n\n\n\n<h2 class=\"wp-block-heading\"><strong>Article 10 \u2013 Animaux<\/strong><\/h2>\n\n\n\n<p>Pour des questions d\u2019hygi\u00e8ne et de respect des autres occupants du Clos des Queyries, les animaux ne sont pas accept\u00e9s<\/p>\n\n\n\n<p>En cas de non-respect de cette clause par le client, le refus d\u2019accepter les animaux et ses propri\u00e9taires par les responsables du Clos des Queyries ne peut \u00eatre assimil\u00e9 \u00e0 une modification ou une rupture du contrat \u00e0 l\u2019initiative du responsable. De sorte qu\u2019en cas de d\u00e9part du client, aucun remboursement ne peut \u00eatre envisag\u00e9.<\/p>\n\n\n\n<h2 class=\"wp-block-heading\"><strong>Article 11 \u2013 Respect des r\u00e8gles de la maison<\/strong><\/h2>\n\n\n\n<p>Pour le respect de chacun, il est formellement&nbsp;<strong>interdit de fumer<\/strong>&nbsp;dans toute la maison. Toute d\u00e9rogation \u00e0 cette r\u00e8gle pourrait engager la responsabilit\u00e9 du client contrevenant notamment en cas d\u2019accident ou d\u2019incendie. Des cendriers sont \u00e0 disposition sur la terrasse o\u00f9 les fumeurs peuvent fumer librement dans la mesure o\u00f9 ils ne d\u00e9rangent pas les autres pensionnaires.<\/p>\n\n\n\n<p>Afin de garantir la qui\u00e9tude des lieux et le respect du repos des autres h\u00f4tes, la client\u00e8le s\u2019engage \u00e0 la plus grande discr\u00e9tion sonore avant 8h30 pour les l\u00e8ve-t\u00f4t et apr\u00e8s 22h30 le soir.<\/p>\n\n\n\n<p>Les clients s\u2019engagent \u00e0 rendre les chambres en parfait \u00e9tat \u00e0 la fin du s\u00e9jour, \u00e0 d\u00e9clarer et assumer financi\u00e8rement toute d\u00e9gradation \u00e9ventuelle dont ils pourraient \u00eatre responsables.<\/p>\n\n\n\n<h2 class=\"wp-block-heading\"><strong>Article 12 \u2013 Internet<\/strong><\/h2>\n\n\n\n<p>Le Clos des Queyries met \u00e0 la disposition de ses h\u00f4tes une connexion internet Wi-Fi gratuite dans les chambres et espaces communs. L\u2019utilisateur s\u2019interdit d\u2019utiliser le service \u00e0 des fins contraires aux r\u00e9glementations en vigueur.<\/p>\n\n\n\n<h2 class=\"wp-block-heading\"><strong>Article 13 \u2013 RGPD<\/strong><\/h2>\n\n\n\n<p>Conform\u00e9ment \u00e0 la loi du 6 janvier 1978, modifi\u00e9e le 8 janvier 2018, vous b\u00e9n\u00e9ficiez d\u2019un droit d\u2019acc\u00e8s et de rectification aux donn\u00e9es vous concernant. Le Clos des Queyries s\u2019engage \u00e0 ne pas transmettre \u00e0 d\u2019autres soci\u00e9t\u00e9s ou organismes les informations que vous lui avez communiqu\u00e9es.<\/p>\n\n\n\n<p>Conform\u00e9ment aux dispositions des articles L. 223-1 et suivants du Code de la consommation, tout consommateur a le droit de s&#8217;inscrire sur une liste d&#8217;opposition au d\u00e9marchage t\u00e9l\u00e9phonique, dont les coordonn\u00e9es et modalit\u00e9s de saisine sont disponibles sur le site : www.bloctel.gouv.fr.<\/p>\n\n\n\n<h2 class=\"wp-block-heading\"><strong>Article 14 \u2013 M\u00e9diation<\/strong><\/h2>\n\n\n\n<p>Dans cet \u00e9tablissement, le m\u00e9diateur de la consommation est CM2C (Centre de la M\u00e9diation de la Consommation de Conciliateurs de Justice).  En cas de litige de la consommation, vous pouvez le d\u00e9clarer directement sur la plate-forme CM2C \u00e0 l&#8217;adresse : https:\/\/www.cm2c.net, 49 rue de Ponthieu, 75008 Paris, contact@cm2c.net, t\u00e9l\u00e9phone : 01 89 47 00 14 <\/p>\n\n\n\n<p><\/p>\n","protected":false},"excerpt":{"rendered":"<p>Article 1 \u2013 &nbsp; Dur\u00e9e du s\u00e9jour Le client acceptant le pr\u00e9sent contrat conclu pour une dur\u00e9e d\u00e9termin\u00e9e ne pourra en aucune circonstance se pr\u00e9valoir d\u2019un quelconque droit au maintien dans les lieux. Article 2 \u2013 &nbsp; Offre de s\u00e9jour L\u2019offre de s\u00e9jour est compos\u00e9e d\u2019un h\u00e9bergement en chambre individuelle \u00e9quip\u00e9e d\u2019une salle d\u2019eau privative [&hellip;]<\/p>\n","protected":false},"author":1,"featured_media":0,"parent":0,"menu_order":0,"comment_status":"closed","ping_status":"closed","template":"template-fullwidth.php","meta":{"_acf_changed":false,"footnotes":""},"class_list":["post-593","page","type-page","status-publish","hentry"],"acf":[],"yoast_head":"<!-- This site is optimized with the Yoast SEO plugin v25.6 - https:\/\/yoast.com\/wordpress\/plugins\/seo\/ -->\n<title>Conditions G\u00e9n\u00e9rales de Vente<\/title>\n<meta name=\"robots\" content=\"index, nofollow, max-snippet:-1, max-image-preview:large, max-video-preview:-1\" \/>\n<link rel=\"canonical\" href=\"https:\/\/www.leclosdesqueyries.com\/es\/conditions-generales-de-vente\/\" \/>\n<meta property=\"og:locale\" content=\"es_ES\" \/>\n<meta property=\"og:locale:alternate\" content=\"fr_FR\" \/>\n<meta property=\"og:locale:alternate\" content=\"en_US\" \/>\n<meta property=\"og:type\" content=\"article\" \/>\n<meta property=\"og:title\" content=\"Conditions G\u00e9n\u00e9rales de Vente\" \/>\n<meta property=\"og:description\" content=\"Article 1 \u2013 &nbsp; Dur\u00e9e du s\u00e9jour Le client acceptant le pr\u00e9sent contrat conclu pour une dur\u00e9e d\u00e9termin\u00e9e ne pourra en aucune circonstance se pr\u00e9valoir d\u2019un quelconque droit au maintien dans les lieux. Article 2 \u2013 &nbsp; Offre de s\u00e9jour L\u2019offre de s\u00e9jour est compos\u00e9e d\u2019un h\u00e9bergement en chambre individuelle \u00e9quip\u00e9e d\u2019une salle d\u2019eau privative [&hellip;]\" \/>\n<meta property=\"og:url\" content=\"https:\/\/www.leclosdesqueyries.com\/es\/conditions-generales-de-vente\/\" \/>\n<meta property=\"og:site_name\" content=\"Le Clos des Queyries\" \/>\n<meta property=\"article:modified_time\" content=\"2025-04-24T15:06:27+00:00\" \/>\n<meta name=\"twitter:card\" content=\"summary_large_image\" \/>\n<meta name=\"twitter:label1\" content=\"Tiempo de lectura\" \/>\n\t<meta name=\"twitter:data1\" content=\"7 minutos\" \/>\n<script type=\"application\/ld+json\" class=\"yoast-schema-graph\">{\"@context\":\"https:\/\/schema.org\",\"@graph\":[{\"@type\":\"WebPage\",\"@id\":\"https:\/\/www.leclosdesqueyries.com\/en\/conditions-generales-de-vente\/\",\"url\":\"https:\/\/www.leclosdesqueyries.com\/en\/conditions-generales-de-vente\/\",\"name\":\"Conditions G\u00e9n\u00e9rales de Vente\",\"isPartOf\":{\"@id\":\"https:\/\/www.leclosdesqueyries.com\/#website\"},\"datePublished\":\"2020-08-22T18:42:48+00:00\",\"dateModified\":\"2025-04-24T15:06:27+00:00\",\"inLanguage\":\"es-ES\",\"potentialAction\":[{\"@type\":\"ReadAction\",\"target\":[\"https:\/\/www.leclosdesqueyries.com\/en\/conditions-generales-de-vente\/\"]}]},{\"@type\":\"WebSite\",\"@id\":\"https:\/\/www.leclosdesqueyries.com\/#website\",\"url\":\"https:\/\/www.leclosdesqueyries.com\/\",\"name\":\"Le Clos des Queyries\",\"description\":\"\",\"publisher\":{\"@id\":\"https:\/\/www.leclosdesqueyries.com\/#organization\"},\"potentialAction\":[{\"@type\":\"SearchAction\",\"target\":{\"@type\":\"EntryPoint\",\"urlTemplate\":\"https:\/\/www.leclosdesqueyries.com\/?s={search_term_string}\"},\"query-input\":{\"@type\":\"PropertyValueSpecification\",\"valueRequired\":true,\"valueName\":\"search_term_string\"}}],\"inLanguage\":\"es-ES\"},{\"@type\":\"Organization\",\"@id\":\"https:\/\/www.leclosdesqueyries.com\/#organization\",\"name\":\"Le Clos des Queyries\",\"url\":\"https:\/\/www.leclosdesqueyries.com\/\",\"logo\":{\"@type\":\"ImageObject\",\"inLanguage\":\"es-ES\",\"@id\":\"https:\/\/www.leclosdesqueyries.com\/#\/schema\/logo\/image\/\",\"url\":\"https:\/\/i0.wp.com\/www.leclosdesqueyries.com\/wp-content\/uploads\/2020\/06\/cropped-Logo-LeClosQueyries-2018-2-3.jpg?fit=2048%2C934&ssl=1\",\"contentUrl\":\"https:\/\/i0.wp.com\/www.leclosdesqueyries.com\/wp-content\/uploads\/2020\/06\/cropped-Logo-LeClosQueyries-2018-2-3.jpg?fit=2048%2C934&ssl=1\",\"width\":2048,\"height\":934,\"caption\":\"Le Clos des Queyries\"},\"image\":{\"@id\":\"https:\/\/www.leclosdesqueyries.com\/#\/schema\/logo\/image\/\"}}]}<\/script>\n<!-- \/ Yoast SEO plugin. -->","yoast_head_json":{"title":"Conditions G\u00e9n\u00e9rales de Vente","robots":{"index":"index","follow":"nofollow","max-snippet":"max-snippet:-1","max-image-preview":"max-image-preview:large","max-video-preview":"max-video-preview:-1"},"canonical":"https:\/\/www.leclosdesqueyries.com\/es\/conditions-generales-de-vente\/","og_locale":"es_ES","og_type":"article","og_title":"[:fr]Conditions G\u00e9n\u00e9rales de Vente[:en]General terms and conditions of sale[:] - Le Clos des Queyries","og_description":"Article 1 \u2013 &nbsp; Dur\u00e9e du s\u00e9jour Le client acceptant le pr\u00e9sent contrat conclu pour une dur\u00e9e d\u00e9termin\u00e9e ne pourra en aucune circonstance se pr\u00e9valoir d\u2019un quelconque droit au maintien dans les lieux. Article 2 \u2013 &nbsp; Offre de s\u00e9jour L\u2019offre de s\u00e9jour est compos\u00e9e d\u2019un h\u00e9bergement en chambre individuelle \u00e9quip\u00e9e d\u2019une salle d\u2019eau privative [&hellip;]","og_url":"https:\/\/www.leclosdesqueyries.com\/es\/conditions-generales-de-vente\/","og_site_name":"Le Clos des Queyries","article_modified_time":"2025-04-24T15:06:27+00:00","twitter_card":"summary_large_image","twitter_misc":{"Tiempo de lectura":"7 minutos"},"schema":{"@context":"https:\/\/schema.org","@graph":[{"@type":"WebPage","@id":"https:\/\/www.leclosdesqueyries.com\/en\/conditions-generales-de-vente\/","url":"https:\/\/www.leclosdesqueyries.com\/en\/conditions-generales-de-vente\/","name":"Conditions G\u00e9n\u00e9rales de Vente","isPartOf":{"@id":"https:\/\/www.leclosdesqueyries.com\/#website"},"datePublished":"2020-08-22T18:42:48+00:00","dateModified":"2025-04-24T15:06:27+00:00","inLanguage":"es-ES","potentialAction":[{"@type":"ReadAction","target":["https:\/\/www.leclosdesqueyries.com\/en\/conditions-generales-de-vente\/"]}]},{"@type":"WebSite","@id":"https:\/\/www.leclosdesqueyries.com\/#website","url":"https:\/\/www.leclosdesqueyries.com\/","name":"Le Clos des Queyries","description":"","publisher":{"@id":"https:\/\/www.leclosdesqueyries.com\/#organization"},"potentialAction":[{"@type":"SearchAction","target":{"@type":"EntryPoint","urlTemplate":"https:\/\/www.leclosdesqueyries.com\/?s={search_term_string}"},"query-input":{"@type":"PropertyValueSpecification","valueRequired":true,"valueName":"search_term_string"}}],"inLanguage":"es-ES"},{"@type":"Organization","@id":"https:\/\/www.leclosdesqueyries.com\/#organization","name":"Le Clos des Queyries","url":"https:\/\/www.leclosdesqueyries.com\/","logo":{"@type":"ImageObject","inLanguage":"es-ES","@id":"https:\/\/www.leclosdesqueyries.com\/#\/schema\/logo\/image\/","url":"https:\/\/i0.wp.com\/www.leclosdesqueyries.com\/wp-content\/uploads\/2020\/06\/cropped-Logo-LeClosQueyries-2018-2-3.jpg?fit=2048%2C934&ssl=1","contentUrl":"https:\/\/i0.wp.com\/www.leclosdesqueyries.com\/wp-content\/uploads\/2020\/06\/cropped-Logo-LeClosQueyries-2018-2-3.jpg?fit=2048%2C934&ssl=1","width":2048,"height":934,"caption":"Le Clos des Queyries"},"image":{"@id":"https:\/\/www.leclosdesqueyries.com\/#\/schema\/logo\/image\/"}}]}},"jetpack_sharing_enabled":true,"_links":{"self":[{"href":"https:\/\/www.leclosdesqueyries.com\/es\/wp-json\/wp\/v2\/pages\/593","targetHints":{"allow":["GET"]}}],"collection":[{"href":"https:\/\/www.leclosdesqueyries.com\/es\/wp-json\/wp\/v2\/pages"}],"about":[{"href":"https:\/\/www.leclosdesqueyries.com\/es\/wp-json\/wp\/v2\/types\/page"}],"author":[{"embeddable":true,"href":"https:\/\/www.leclosdesqueyries.com\/es\/wp-json\/wp\/v2\/users\/1"}],"replies":[{"embeddable":true,"href":"https:\/\/www.leclosdesqueyries.com\/es\/wp-json\/wp\/v2\/comments?post=593"}],"version-history":[{"count":20,"href":"https:\/\/www.leclosdesqueyries.com\/es\/wp-json\/wp\/v2\/pages\/593\/revisions"}],"predecessor-version":[{"id":1273,"href":"https:\/\/www.leclosdesqueyries.com\/es\/wp-json\/wp\/v2\/pages\/593\/revisions\/1273"}],"wp:attachment":[{"href":"https:\/\/www.leclosdesqueyries.com\/es\/wp-json\/wp\/v2\/media?parent=593"}],"curies":[{"name":"wp","href":"https:\/\/api.w.org\/{rel}","templated":true}]}}